{"id":33901,"date":"2026-08-26T17:06:19","date_gmt":"2026-08-26T17:06:19","guid":{"rendered":"https:\/\/condescending-allen.85-214-6-170.plesk.page\/index.php\/produkt\/schlafsofa-avuela-mit-bettkasten-chenille-hellbeige\/"},"modified":"2026-08-26T17:36:09","modified_gmt":"2026-08-26T17:36:09","slug":"schlafsofa-avuela-mit-bettkasten-chenille-hellbeige","status":"publish","type":"product","link":"https:\/\/condescending-allen.85-214-6-170.plesk.page\/index.php\/produkt\/schlafsofa-avuela-mit-bettkasten-chenille-hellbeige\/","title":{"rendered":"Schlafsofa Avuela mit Bettkasten, Chenille Hellbeige"},"content":{"rendered":"<p>Das Sofa Avuela ist ein modernes Schlafsofa, das eine weiche, abgerundete Form mit hoher Alltagstauglichkeit verbindet. Mit seinen Ma\u00dfen von 205 \u00d7 105 \u00d7 94 cm bietet es viel Platz zum Entspannen, Lesen oder Fernsehen und l\u00e4sst sich dank der integrierten Schlaffunktion schnell in eine komfortable Liegefl\u00e4che von 140 \u00d7 200 cm verwandeln \u2013 ideal f\u00fcr \u00dcbernachtungsg\u00e4ste oder den t\u00e4glichen Gebrauch. Der ger\u00e4umige Bettkasten bietet praktischen Stauraum f\u00fcr Bettdecken, Kissen und andere Heimtextilien und sorgt f\u00fcr mehr Ordnung im Wohnzimmer. Das Sofa Avuela ist die perfekte Wahl f\u00fcr alle, die ein stilvolles, komfortables und funktionales Schlafsofa mit Bettkasten suchen, das sich harmonisch in moderne Wohnr\u00e4ume einf\u00fcgt.<\/p>\n","protected":false},"excerpt":{"rendered":"<p>Das Sofa Avuela ist ein modernes Schlafsofa, das eine weiche, abgerundete Form mit hoher Alltagstauglichkeit verbindet. Mit seinen Ma\u00dfen von<\/p>\n","protected":false},"featured_media":33903,"comment_status":"open","ping_status":"open","template":"","meta":{"_md_configurator_enabled":"","_md_configurator_show_deltas":"","_md_configurator_order":"","_md_configurator_texts":""},"product_brand":[],"product_cat":[2412],"product_tag":[],"class_list":["post-33901","product","type-product","status-publish","has-post-thumbnail","product_cat-sofas-und-couchgarnituren","pa_abnehmbare-kissen-ja","pa_anzahl-der-kissen-1671","pa_anzahl-lagerbehaelter-2414","pa_beinbreite-cm","pa_beinfarbe-schwarz","pa_beinmaterial-plastik","pa_bettkasten-ja","pa_bezugsmaterial-polyester","pa_farbe-beige","pa_farbe-braun","pa_farbe-grau","pa_farbe-weiss","pa_gesamtbreite-250-cm","pa_gesamtgewicht-98-kg","pa_hoehe-94-cm","pa_holzart-des-rahmens-kiefer","pa_kissenfuellmaterial-schaumgranulat","pa_preisgruppe-standard","pa_preisgruppe-classic","pa_preisgruppe-prestige","pa_rahmenmaterial-holz","pa_schlafflaechenbreite-200-cm","pa_schlafflaechentiefe-62-cm","pa_sitzbereichsbreite-200-cm","pa_sitzbereichslaenge-140-cm","pa_sitzbereichstiefe-3-cm","pa_sitzfuellmaterial-wellfeder-typ-b-schaumstoff-hr3030-schaumstoff-t2315","pa_stil-modern","pa_stoffe-calmora-18","pa_stoffe-kendell-01","pa_stoffe-kendell-18","pa_stoffe-melno-18","pa_stoffe-royal-01","pa_stoffe-royal-04","pa_stoffe-royal-18","pa_stoffe-royal-20","pa_stoffe-soreli-04","pa_stoffe-soreli-20","pa_tiefe-105-cm","pa_tragfaehigkeit-250-kg","first","instock","purchasable","product-type-variable","has-default-attributes"],"yoast_head":"<!-- This site is optimized with the Yoast SEO plugin v28.3 - https:\/\/yoast.com\/product\/yoast-seo-wordpress\/ -->\n<title>Schlafsofa Avuela mit Bettkasten, Chenille Hellbeige - M\u00f6bel Daniels<\/title>\n<meta name=\"robots\" content=\"index, follow, max-snippet:-1, max-image-preview:large, max-video-preview:-1\" \/>\n<link rel=\"canonical\" href=\"https:\/\/condescending-allen.85-214-6-170.plesk.page\/index.php\/produkt\/schlafsofa-avuela-mit-bettkasten-chenille-hellbeige\/\" \/>\n<meta property=\"og:locale\" content=\"de_DE\" \/>\n<meta property=\"og:type\" content=\"article\" \/>\n<meta property=\"og:title\" content=\"Schlafsofa Avuela mit Bettkasten, Chenille Hellbeige - M\u00f6bel Daniels\" \/>\n<meta property=\"og:description\" content=\"Das Sofa Avuela ist ein modernes Schlafsofa, das eine weiche, abgerundete Form mit hoher Alltagstauglichkeit verbindet. Mit seinen Ma\u00dfen von\" \/>\n<meta property=\"og:url\" content=\"https:\/\/condescending-allen.85-214-6-170.plesk.page\/index.php\/produkt\/schlafsofa-avuela-mit-bettkasten-chenille-hellbeige\/\" \/>\n<meta property=\"og:site_name\" content=\"M\u00f6bel Daniels\" \/>\n<meta property=\"article:modified_time\" content=\"2026-08-26T17:36:09+00:00\" \/>\n<meta property=\"og:image\" content=\"https:\/\/condescending-allen.85-214-6-170.plesk.page\/wp-content\/uploads\/2026\/08\/a4096f12-5f39-4db1-eb1a-08ded7770814.jpeg\" \/>\n\t<meta property=\"og:image:width\" content=\"2000\" \/>\n\t<meta property=\"og:image:height\" content=\"1535\" \/>\n\t<meta property=\"og:image:type\" content=\"image\/jpeg\" \/>\n<meta name=\"twitter:card\" content=\"summary_large_image\" \/>\n<meta name=\"twitter:label1\" content=\"Gesch\u00e4tzte Lesezeit\" \/>\n\t<meta name=\"twitter:data1\" content=\"1\u00a0Minute\" \/>\n<script type=\"application\/ld+json\" class=\"yoast-schema-graph\">{\"@context\":\"https:\\\/\\\/schema.org\",\"@graph\":[{\"@type\":\"WebPage\",\"@id\":\"https:\\\/\\\/condescending-allen.85-214-6-170.plesk.page\\\/index.php\\\/produkt\\\/schlafsofa-avuela-mit-bettkasten-chenille-hellbeige\\\/\",\"url\":\"https:\\\/\\\/condescending-allen.85-214-6-170.plesk.page\\\/index.php\\\/produkt\\\/schlafsofa-avuela-mit-bettkasten-chenille-hellbeige\\\/\",\"name\":\"Schlafsofa Avuela mit Bettkasten, Chenille Hellbeige - M\u00f6bel Daniels\",\"isPartOf\":{\"@id\":\"https:\\\/\\\/condescending-allen.85-214-6-170.plesk.page\\\/#website\"},\"primaryImageOfPage\":{\"@id\":\"https:\\\/\\\/condescending-allen.85-214-6-170.plesk.page\\\/index.php\\\/produkt\\\/schlafsofa-avuela-mit-bettkasten-chenille-hellbeige\\\/#primaryimage\"},\"image\":{\"@id\":\"https:\\\/\\\/condescending-allen.85-214-6-170.plesk.page\\\/index.php\\\/produkt\\\/schlafsofa-avuela-mit-bettkasten-chenille-hellbeige\\\/#primaryimage\"},\"thumbnailUrl\":\"https:\\\/\\\/condescending-allen.85-214-6-170.plesk.page\\\/wp-content\\\/uploads\\\/2026\\\/08\\\/a4096f12-5f39-4db1-eb1a-08ded7770814.jpeg\",\"datePublished\":\"2026-08-26T17:06:19+00:00\",\"dateModified\":\"2026-08-26T17:36:09+00:00\",\"breadcrumb\":{\"@id\":\"https:\\\/\\\/condescending-allen.85-214-6-170.plesk.page\\\/index.php\\\/produkt\\\/schlafsofa-avuela-mit-bettkasten-chenille-hellbeige\\\/#breadcrumb\"},\"inLanguage\":\"de\",\"potentialAction\":[{\"@type\":\"ReadAction\",\"target\":[\"https:\\\/\\\/condescending-allen.85-214-6-170.plesk.page\\\/index.php\\\/produkt\\\/schlafsofa-avuela-mit-bettkasten-chenille-hellbeige\\\/\"]}]},{\"@type\":\"ImageObject\",\"inLanguage\":\"de\",\"@id\":\"https:\\\/\\\/condescending-allen.85-214-6-170.plesk.page\\\/index.php\\\/produkt\\\/schlafsofa-avuela-mit-bettkasten-chenille-hellbeige\\\/#primaryimage\",\"url\":\"https:\\\/\\\/condescending-allen.85-214-6-170.plesk.page\\\/wp-content\\\/uploads\\\/2026\\\/08\\\/a4096f12-5f39-4db1-eb1a-08ded7770814.jpeg\",\"contentUrl\":\"https:\\\/\\\/condescending-allen.85-214-6-170.plesk.page\\\/wp-content\\\/uploads\\\/2026\\\/08\\\/a4096f12-5f39-4db1-eb1a-08ded7770814.jpeg\",\"width\":2000,\"height\":1535},{\"@type\":\"BreadcrumbList\",\"@id\":\"https:\\\/\\\/condescending-allen.85-214-6-170.plesk.page\\\/index.php\\\/produkt\\\/schlafsofa-avuela-mit-bettkasten-chenille-hellbeige\\\/#breadcrumb\",\"itemListElement\":[{\"@type\":\"ListItem\",\"position\":1,\"name\":\"Start\",\"item\":\"https:\\\/\\\/condescending-allen.85-214-6-170.plesk.page\\\/\"},{\"@type\":\"ListItem\",\"position\":2,\"name\":\"Shop\",\"item\":\"https:\\\/\\\/condescending-allen.85-214-6-170.plesk.page\\\/index.php\\\/shop\\\/\"},{\"@type\":\"ListItem\",\"position\":3,\"name\":\"Schlafsofa Avuela mit Bettkasten, Chenille Hellbeige\"}]},{\"@type\":\"WebSite\",\"@id\":\"https:\\\/\\\/condescending-allen.85-214-6-170.plesk.page\\\/#website\",\"url\":\"https:\\\/\\\/condescending-allen.85-214-6-170.plesk.page\\\/\",\"name\":\"M\u00f6bel Daniels\",\"description\":\"\",\"publisher\":{\"@id\":\"https:\\\/\\\/condescending-allen.85-214-6-170.plesk.page\\\/#organization\"},\"potentialAction\":[{\"@type\":\"SearchAction\",\"target\":{\"@type\":\"EntryPoint\",\"urlTemplate\":\"https:\\\/\\\/condescending-allen.85-214-6-170.plesk.page\\\/?s={search_term_string}\"},\"query-input\":{\"@type\":\"PropertyValueSpecification\",\"valueRequired\":true,\"valueName\":\"search_term_string\"}}],\"inLanguage\":\"de\"},{\"@type\":\"Organization\",\"@id\":\"https:\\\/\\\/condescending-allen.85-214-6-170.plesk.page\\\/#organization\",\"name\":\"M\u00f6bel Daniels\",\"url\":\"https:\\\/\\\/condescending-allen.85-214-6-170.plesk.page\\\/\",\"logo\":{\"@type\":\"ImageObject\",\"inLanguage\":\"de\",\"@id\":\"https:\\\/\\\/condescending-allen.85-214-6-170.plesk.page\\\/#\\\/schema\\\/logo\\\/image\\\/\",\"url\":\"https:\\\/\\\/condescending-allen.85-214-6-170.plesk.page\\\/wp-content\\\/uploads\\\/2026\\\/01\\\/Logo-v1-anthrazit-Wasserzeichen-kleiner.png\",\"contentUrl\":\"https:\\\/\\\/condescending-allen.85-214-6-170.plesk.page\\\/wp-content\\\/uploads\\\/2026\\\/01\\\/Logo-v1-anthrazit-Wasserzeichen-kleiner.png\",\"width\":300,\"height\":125,\"caption\":\"M\u00f6bel Daniels\"},\"image\":{\"@id\":\"https:\\\/\\\/condescending-allen.85-214-6-170.plesk.page\\\/#\\\/schema\\\/logo\\\/image\\\/\"}}]}<\/script>\n<!-- \/ Yoast SEO plugin. -->","yoast_head_json":{"title":"Schlafsofa Avuela mit Bettkasten, Chenille Hellbeige - M\u00f6bel Daniels","robots":{"index":"index","follow":"follow","max-snippet":"max-snippet:-1","max-image-preview":"max-image-preview:large","max-video-preview":"max-video-preview:-1"},"canonical":"https:\/\/condescending-allen.85-214-6-170.plesk.page\/index.php\/produkt\/schlafsofa-avuela-mit-bettkasten-chenille-hellbeige\/","og_locale":"de_DE","og_type":"article","og_title":"Schlafsofa Avuela mit Bettkasten, Chenille Hellbeige - M\u00f6bel Daniels","og_description":"Das Sofa Avuela ist ein modernes Schlafsofa, das eine weiche, abgerundete Form mit hoher Alltagstauglichkeit verbindet. Mit seinen Ma\u00dfen von","og_url":"https:\/\/condescending-allen.85-214-6-170.plesk.page\/index.php\/produkt\/schlafsofa-avuela-mit-bettkasten-chenille-hellbeige\/","og_site_name":"M\u00f6bel Daniels","article_modified_time":"2026-08-26T17:36:09+00:00","og_image":[{"width":2000,"height":1535,"url":"https:\/\/condescending-allen.85-214-6-170.plesk.page\/wp-content\/uploads\/2026\/08\/a4096f12-5f39-4db1-eb1a-08ded7770814.jpeg","type":"image\/jpeg"}],"twitter_card":"summary_large_image","twitter_misc":{"Gesch\u00e4tzte Lesezeit":"1\u00a0Minute"},"schema":{"@context":"https:\/\/schema.org","@graph":[{"@type":"WebPage","@id":"https:\/\/condescending-allen.85-214-6-170.plesk.page\/index.php\/produkt\/schlafsofa-avuela-mit-bettkasten-chenille-hellbeige\/","url":"https:\/\/condescending-allen.85-214-6-170.plesk.page\/index.php\/produkt\/schlafsofa-avuela-mit-bettkasten-chenille-hellbeige\/","name":"Schlafsofa Avuela mit Bettkasten, Chenille Hellbeige - M\u00f6bel Daniels","isPartOf":{"@id":"https:\/\/condescending-allen.85-214-6-170.plesk.page\/#website"},"primaryImageOfPage":{"@id":"https:\/\/condescending-allen.85-214-6-170.plesk.page\/index.php\/produkt\/schlafsofa-avuela-mit-bettkasten-chenille-hellbeige\/#primaryimage"},"image":{"@id":"https:\/\/condescending-allen.85-214-6-170.plesk.page\/index.php\/produkt\/schlafsofa-avuela-mit-bettkasten-chenille-hellbeige\/#primaryimage"},"thumbnailUrl":"https:\/\/condescending-allen.85-214-6-170.plesk.page\/wp-content\/uploads\/2026\/08\/a4096f12-5f39-4db1-eb1a-08ded7770814.jpeg","datePublished":"2026-08-26T17:06:19+00:00","dateModified":"2026-08-26T17:36:09+00:00","breadcrumb":{"@id":"https:\/\/condescending-allen.85-214-6-170.plesk.page\/index.php\/produkt\/schlafsofa-avuela-mit-bettkasten-chenille-hellbeige\/#breadcrumb"},"inLanguage":"de","potentialAction":[{"@type":"ReadAction","target":["https:\/\/condescending-allen.85-214-6-170.plesk.page\/index.php\/produkt\/schlafsofa-avuela-mit-bettkasten-chenille-hellbeige\/"]}]},{"@type":"ImageObject","inLanguage":"de","@id":"https:\/\/condescending-allen.85-214-6-170.plesk.page\/index.php\/produkt\/schlafsofa-avuela-mit-bettkasten-chenille-hellbeige\/#primaryimage","url":"https:\/\/condescending-allen.85-214-6-170.plesk.page\/wp-content\/uploads\/2026\/08\/a4096f12-5f39-4db1-eb1a-08ded7770814.jpeg","contentUrl":"https:\/\/condescending-allen.85-214-6-170.plesk.page\/wp-content\/uploads\/2026\/08\/a4096f12-5f39-4db1-eb1a-08ded7770814.jpeg","width":2000,"height":1535},{"@type":"BreadcrumbList","@id":"https:\/\/condescending-allen.85-214-6-170.plesk.page\/index.php\/produkt\/schlafsofa-avuela-mit-bettkasten-chenille-hellbeige\/#breadcrumb","itemListElement":[{"@type":"ListItem","position":1,"name":"Start","item":"https:\/\/condescending-allen.85-214-6-170.plesk.page\/"},{"@type":"ListItem","position":2,"name":"Shop","item":"https:\/\/condescending-allen.85-214-6-170.plesk.page\/index.php\/shop\/"},{"@type":"ListItem","position":3,"name":"Schlafsofa Avuela mit Bettkasten, Chenille Hellbeige"}]},{"@type":"WebSite","@id":"https:\/\/condescending-allen.85-214-6-170.plesk.page\/#website","url":"https:\/\/condescending-allen.85-214-6-170.plesk.page\/","name":"M\u00f6bel Daniels","description":"","publisher":{"@id":"https:\/\/condescending-allen.85-214-6-170.plesk.page\/#organization"},"potentialAction":[{"@type":"SearchAction","target":{"@type":"EntryPoint","urlTemplate":"https:\/\/condescending-allen.85-214-6-170.plesk.page\/?s={search_term_string}"},"query-input":{"@type":"PropertyValueSpecification","valueRequired":true,"valueName":"search_term_string"}}],"inLanguage":"de"},{"@type":"Organization","@id":"https:\/\/condescending-allen.85-214-6-170.plesk.page\/#organization","name":"M\u00f6bel Daniels","url":"https:\/\/condescending-allen.85-214-6-170.plesk.page\/","logo":{"@type":"ImageObject","inLanguage":"de","@id":"https:\/\/condescending-allen.85-214-6-170.plesk.page\/#\/schema\/logo\/image\/","url":"https:\/\/condescending-allen.85-214-6-170.plesk.page\/wp-content\/uploads\/2026\/01\/Logo-v1-anthrazit-Wasserzeichen-kleiner.png","contentUrl":"https:\/\/condescending-allen.85-214-6-170.plesk.page\/wp-content\/uploads\/2026\/01\/Logo-v1-anthrazit-Wasserzeichen-kleiner.png","width":300,"height":125,"caption":"M\u00f6bel Daniels"},"image":{"@id":"https:\/\/condescending-allen.85-214-6-170.plesk.page\/#\/schema\/logo\/image\/"}}]}},"_links":{"self":[{"href":"https:\/\/condescending-allen.85-214-6-170.plesk.page\/index.php\/wp-json\/wp\/v2\/product\/33901","targetHints":{"allow":["GET"]}}],"collection":[{"href":"https:\/\/condescending-allen.85-214-6-170.plesk.page\/index.php\/wp-json\/wp\/v2\/product"}],"about":[{"href":"https:\/\/condescending-allen.85-214-6-170.plesk.page\/index.php\/wp-json\/wp\/v2\/types\/product"}],"replies":[{"embeddable":true,"href":"https:\/\/condescending-allen.85-214-6-170.plesk.page\/index.php\/wp-json\/wp\/v2\/comments?post=33901"}],"version-history":[{"count":0,"href":"https:\/\/condescending-allen.85-214-6-170.plesk.page\/index.php\/wp-json\/wp\/v2\/product\/33901\/revisions"}],"wp:featuredmedia":[{"embeddable":true,"href":"https:\/\/condescending-allen.85-214-6-170.plesk.page\/index.php\/wp-json\/wp\/v2\/media\/33903"}],"wp:attachment":[{"href":"https:\/\/condescending-allen.85-214-6-170.plesk.page\/index.php\/wp-json\/wp\/v2\/media?parent=33901"}],"wp:term":[{"taxonomy":"product_brand","embeddable":true,"href":"https:\/\/condescending-allen.85-214-6-170.plesk.page\/index.php\/wp-json\/wp\/v2\/product_brand?post=33901"},{"taxonomy":"product_cat","embeddable":true,"href":"https:\/\/condescending-allen.85-214-6-170.plesk.page\/index.php\/wp-json\/wp\/v2\/product_cat?post=33901"},{"taxonomy":"product_tag","embeddable":true,"href":"https:\/\/condescending-allen.85-214-6-170.plesk.page\/index.php\/wp-json\/wp\/v2\/product_tag?post=33901"}],"curies":[{"name":"wp","href":"https:\/\/api.w.org\/{rel}","templated":true}]}}