{"id":34014,"date":"2026-08-27T13:28:40","date_gmt":"2026-08-27T13:28:40","guid":{"rendered":"https:\/\/condescending-allen.85-214-6-170.plesk.page\/index.php\/produkt\/gesteppter-pouf-ferivo-auf-fuessen-weisser-boucle\/"},"modified":"2026-08-27T13:30:08","modified_gmt":"2026-08-27T13:30:08","slug":"gesteppter-pouf-ferivo-auf-fuessen-weisser-boucle","status":"publish","type":"product","link":"https:\/\/condescending-allen.85-214-6-170.plesk.page\/index.php\/produkt\/gesteppter-pouf-ferivo-auf-fuessen-weisser-boucle\/","title":{"rendered":"Gesteppter Pouf Ferivo auf F\u00fc\u00dfen, wei\u00dfer Boucl\u00e9"},"content":{"rendered":"<p>Pufa Ferivo to elegancka i funkcjonalna pufa tapicerowana do salonu, kt\u00f3ra wyr\u00f3\u017cnia si\u0119 nowoczesn\u0105, pod\u0142u\u017cn\u0105 form\u0105 oraz dekoracyjnym pikowaniem nadaj\u0105cym jej mi\u0119kki i stylowy charakter. Model o wymiarach 68x137x37 cm doskonale sprawdzi si\u0119 jako dodatkowe miejsce do siedzenia, wygodne podparcie n\u00f3g lub praktyczne uzupe\u0142nienie strefy wypoczynkowej. Dzi\u0119ki uniwersalnej bryle pufa Ferivo pasuje zar\u00f3wno do nowoczesnych, jak i przytulnych aran\u017cacji, stanowi\u0105c funkcjonalny oraz dekoracyjny element wyposa\u017cenia wn\u0119trza. To idealny wyb\u00f3r dla os\u00f3b poszukuj\u0105cych stylowej, wygodnej i praktycznej pufy tapicerowanej do salonu, sypialni lub garderoby.<\/p>\n","protected":false},"excerpt":{"rendered":"<p>Pufa Ferivo to elegancka i funkcjonalna pufa tapicerowana do salonu, kt\u00f3ra wyr\u00f3\u017cnia si\u0119 nowoczesn\u0105, pod\u0142u\u017cn\u0105 form\u0105 oraz dekoracyjnym pikowaniem nadaj\u0105cym<\/p>\n","protected":false},"featured_media":34016,"comment_status":"open","ping_status":"open","template":"","meta":{"_md_configurator_enabled":"","_md_configurator_show_deltas":"","_md_configurator_order":"","_md_configurator_texts":""},"product_brand":[],"product_cat":[2464],"product_tag":[],"class_list":["post-34014","product","type-product","status-publish","has-post-thumbnail","product_cat-fusshocker","pa_ausrichtung-nicht-zutreffend","pa_beinbreite-cm","pa_beinfarbe-weiss","pa_beinmaterial-metall","pa_bezugsmaterial-polyester","pa_farbe-beige","pa_farbe-dunkelgrau","pa_farbe-dunkelgruen","pa_farbe-grau","pa_farbe-weiss","pa_gesamtbreite-137-cm","pa_gesamtgewicht-21-kg","pa_hoehe-37-cm","pa_holzart-des-rahmens-kiefer","pa_preisgruppe-classic","pa_preisgruppe-prestige","pa_rahmenmaterial-holz","pa_schlafflaechenbreite-cm","pa_schlafflaechentiefe-cm","pa_sitzbereichsbreite-cm","pa_sitzbereichslaenge-cm","pa_sitzbereichstiefe-cm","pa_sitzfuellmaterial-wellenfeder-typ-b-polyurethanschaum-hr3030","pa_stil-modern","pa_stoffe-amore-35","pa_stoffe-aura-04","pa_stoffe-aura-18","pa_stoffe-royal-01","pa_stoffe-royal-03","pa_stoffe-royal-04","pa_stoffe-royal-18","pa_stoffe-sola-04","pa_stoffe-sola-06","pa_stoffe-sola-18","pa_tiefe-cm","pa_tragfaehigkeit-120-kg","first","instock","purchasable","product-type-variable","has-default-attributes"],"yoast_head":"<!-- This site is optimized with the Yoast SEO plugin v28.3 - https:\/\/yoast.com\/product\/yoast-seo-wordpress\/ -->\n<title>Gesteppter Pouf Ferivo auf F\u00fc\u00dfen, wei\u00dfer Boucl\u00e9 - M\u00f6bel Daniels<\/title>\n<meta name=\"robots\" content=\"index, follow, max-snippet:-1, max-image-preview:large, max-video-preview:-1\" \/>\n<link rel=\"canonical\" href=\"https:\/\/condescending-allen.85-214-6-170.plesk.page\/index.php\/produkt\/gesteppter-pouf-ferivo-auf-fuessen-weisser-boucle\/\" \/>\n<meta property=\"og:locale\" content=\"de_DE\" \/>\n<meta property=\"og:type\" content=\"article\" \/>\n<meta property=\"og:title\" content=\"Gesteppter Pouf Ferivo auf F\u00fc\u00dfen, wei\u00dfer Boucl\u00e9 - M\u00f6bel Daniels\" \/>\n<meta property=\"og:description\" content=\"Pufa Ferivo to elegancka i funkcjonalna pufa tapicerowana do salonu, kt\u00f3ra wyr\u00f3\u017cnia si\u0119 nowoczesn\u0105, pod\u0142u\u017cn\u0105 form\u0105 oraz dekoracyjnym pikowaniem nadaj\u0105cym\" \/>\n<meta property=\"og:url\" content=\"https:\/\/condescending-allen.85-214-6-170.plesk.page\/index.php\/produkt\/gesteppter-pouf-ferivo-auf-fuessen-weisser-boucle\/\" \/>\n<meta property=\"og:site_name\" content=\"M\u00f6bel Daniels\" \/>\n<meta property=\"article:modified_time\" content=\"2026-08-27T13:30:08+00:00\" \/>\n<meta property=\"og:image\" content=\"https:\/\/condescending-allen.85-214-6-170.plesk.page\/wp-content\/uploads\/2026\/08\/61eea264-7d2f-49b1-fad1-08deda91198d.jpeg\" \/>\n\t<meta property=\"og:image:width\" content=\"2000\" \/>\n\t<meta property=\"og:image:height\" content=\"1535\" \/>\n\t<meta property=\"og:image:type\" content=\"image\/jpeg\" \/>\n<meta name=\"twitter:card\" content=\"summary_large_image\" \/>\n<meta name=\"twitter:label1\" content=\"Gesch\u00e4tzte Lesezeit\" \/>\n\t<meta name=\"twitter:data1\" content=\"1\u00a0Minute\" \/>\n<script type=\"application\/ld+json\" class=\"yoast-schema-graph\">{\"@context\":\"https:\\\/\\\/schema.org\",\"@graph\":[{\"@type\":\"WebPage\",\"@id\":\"https:\\\/\\\/condescending-allen.85-214-6-170.plesk.page\\\/index.php\\\/produkt\\\/gesteppter-pouf-ferivo-auf-fuessen-weisser-boucle\\\/\",\"url\":\"https:\\\/\\\/condescending-allen.85-214-6-170.plesk.page\\\/index.php\\\/produkt\\\/gesteppter-pouf-ferivo-auf-fuessen-weisser-boucle\\\/\",\"name\":\"Gesteppter Pouf Ferivo auf F\u00fc\u00dfen, wei\u00dfer Boucl\u00e9 - M\u00f6bel Daniels\",\"isPartOf\":{\"@id\":\"https:\\\/\\\/condescending-allen.85-214-6-170.plesk.page\\\/#website\"},\"primaryImageOfPage\":{\"@id\":\"https:\\\/\\\/condescending-allen.85-214-6-170.plesk.page\\\/index.php\\\/produkt\\\/gesteppter-pouf-ferivo-auf-fuessen-weisser-boucle\\\/#primaryimage\"},\"image\":{\"@id\":\"https:\\\/\\\/condescending-allen.85-214-6-170.plesk.page\\\/index.php\\\/produkt\\\/gesteppter-pouf-ferivo-auf-fuessen-weisser-boucle\\\/#primaryimage\"},\"thumbnailUrl\":\"https:\\\/\\\/condescending-allen.85-214-6-170.plesk.page\\\/wp-content\\\/uploads\\\/2026\\\/08\\\/61eea264-7d2f-49b1-fad1-08deda91198d.jpeg\",\"datePublished\":\"2026-08-27T13:28:40+00:00\",\"dateModified\":\"2026-08-27T13:30:08+00:00\",\"breadcrumb\":{\"@id\":\"https:\\\/\\\/condescending-allen.85-214-6-170.plesk.page\\\/index.php\\\/produkt\\\/gesteppter-pouf-ferivo-auf-fuessen-weisser-boucle\\\/#breadcrumb\"},\"inLanguage\":\"de\",\"potentialAction\":[{\"@type\":\"ReadAction\",\"target\":[\"https:\\\/\\\/condescending-allen.85-214-6-170.plesk.page\\\/index.php\\\/produkt\\\/gesteppter-pouf-ferivo-auf-fuessen-weisser-boucle\\\/\"]}]},{\"@type\":\"ImageObject\",\"inLanguage\":\"de\",\"@id\":\"https:\\\/\\\/condescending-allen.85-214-6-170.plesk.page\\\/index.php\\\/produkt\\\/gesteppter-pouf-ferivo-auf-fuessen-weisser-boucle\\\/#primaryimage\",\"url\":\"https:\\\/\\\/condescending-allen.85-214-6-170.plesk.page\\\/wp-content\\\/uploads\\\/2026\\\/08\\\/61eea264-7d2f-49b1-fad1-08deda91198d.jpeg\",\"contentUrl\":\"https:\\\/\\\/condescending-allen.85-214-6-170.plesk.page\\\/wp-content\\\/uploads\\\/2026\\\/08\\\/61eea264-7d2f-49b1-fad1-08deda91198d.jpeg\",\"width\":2000,\"height\":1535},{\"@type\":\"BreadcrumbList\",\"@id\":\"https:\\\/\\\/condescending-allen.85-214-6-170.plesk.page\\\/index.php\\\/produkt\\\/gesteppter-pouf-ferivo-auf-fuessen-weisser-boucle\\\/#breadcrumb\",\"itemListElement\":[{\"@type\":\"ListItem\",\"position\":1,\"name\":\"Start\",\"item\":\"https:\\\/\\\/condescending-allen.85-214-6-170.plesk.page\\\/\"},{\"@type\":\"ListItem\",\"position\":2,\"name\":\"Shop\",\"item\":\"https:\\\/\\\/condescending-allen.85-214-6-170.plesk.page\\\/index.php\\\/shop\\\/\"},{\"@type\":\"ListItem\",\"position\":3,\"name\":\"Gesteppter Pouf Ferivo auf F\u00fc\u00dfen, wei\u00dfer Boucl\u00e9\"}]},{\"@type\":\"WebSite\",\"@id\":\"https:\\\/\\\/condescending-allen.85-214-6-170.plesk.page\\\/#website\",\"url\":\"https:\\\/\\\/condescending-allen.85-214-6-170.plesk.page\\\/\",\"name\":\"M\u00f6bel Daniels\",\"description\":\"\",\"publisher\":{\"@id\":\"https:\\\/\\\/condescending-allen.85-214-6-170.plesk.page\\\/#organization\"},\"potentialAction\":[{\"@type\":\"SearchAction\",\"target\":{\"@type\":\"EntryPoint\",\"urlTemplate\":\"https:\\\/\\\/condescending-allen.85-214-6-170.plesk.page\\\/?s={search_term_string}\"},\"query-input\":{\"@type\":\"PropertyValueSpecification\",\"valueRequired\":true,\"valueName\":\"search_term_string\"}}],\"inLanguage\":\"de\"},{\"@type\":\"Organization\",\"@id\":\"https:\\\/\\\/condescending-allen.85-214-6-170.plesk.page\\\/#organization\",\"name\":\"M\u00f6bel Daniels\",\"url\":\"https:\\\/\\\/condescending-allen.85-214-6-170.plesk.page\\\/\",\"logo\":{\"@type\":\"ImageObject\",\"inLanguage\":\"de\",\"@id\":\"https:\\\/\\\/condescending-allen.85-214-6-170.plesk.page\\\/#\\\/schema\\\/logo\\\/image\\\/\",\"url\":\"https:\\\/\\\/condescending-allen.85-214-6-170.plesk.page\\\/wp-content\\\/uploads\\\/2026\\\/01\\\/Logo-v1-anthrazit-Wasserzeichen-kleiner.png\",\"contentUrl\":\"https:\\\/\\\/condescending-allen.85-214-6-170.plesk.page\\\/wp-content\\\/uploads\\\/2026\\\/01\\\/Logo-v1-anthrazit-Wasserzeichen-kleiner.png\",\"width\":300,\"height\":125,\"caption\":\"M\u00f6bel Daniels\"},\"image\":{\"@id\":\"https:\\\/\\\/condescending-allen.85-214-6-170.plesk.page\\\/#\\\/schema\\\/logo\\\/image\\\/\"}}]}<\/script>\n<!-- \/ Yoast SEO plugin. -->","yoast_head_json":{"title":"Gesteppter Pouf Ferivo auf F\u00fc\u00dfen, wei\u00dfer Boucl\u00e9 - M\u00f6bel Daniels","robots":{"index":"index","follow":"follow","max-snippet":"max-snippet:-1","max-image-preview":"max-image-preview:large","max-video-preview":"max-video-preview:-1"},"canonical":"https:\/\/condescending-allen.85-214-6-170.plesk.page\/index.php\/produkt\/gesteppter-pouf-ferivo-auf-fuessen-weisser-boucle\/","og_locale":"de_DE","og_type":"article","og_title":"Gesteppter Pouf Ferivo auf F\u00fc\u00dfen, wei\u00dfer Boucl\u00e9 - M\u00f6bel Daniels","og_description":"Pufa Ferivo to elegancka i funkcjonalna pufa tapicerowana do salonu, kt\u00f3ra wyr\u00f3\u017cnia si\u0119 nowoczesn\u0105, pod\u0142u\u017cn\u0105 form\u0105 oraz dekoracyjnym pikowaniem nadaj\u0105cym","og_url":"https:\/\/condescending-allen.85-214-6-170.plesk.page\/index.php\/produkt\/gesteppter-pouf-ferivo-auf-fuessen-weisser-boucle\/","og_site_name":"M\u00f6bel Daniels","article_modified_time":"2026-08-27T13:30:08+00:00","og_image":[{"width":2000,"height":1535,"url":"https:\/\/condescending-allen.85-214-6-170.plesk.page\/wp-content\/uploads\/2026\/08\/61eea264-7d2f-49b1-fad1-08deda91198d.jpeg","type":"image\/jpeg"}],"twitter_card":"summary_large_image","twitter_misc":{"Gesch\u00e4tzte Lesezeit":"1\u00a0Minute"},"schema":{"@context":"https:\/\/schema.org","@graph":[{"@type":"WebPage","@id":"https:\/\/condescending-allen.85-214-6-170.plesk.page\/index.php\/produkt\/gesteppter-pouf-ferivo-auf-fuessen-weisser-boucle\/","url":"https:\/\/condescending-allen.85-214-6-170.plesk.page\/index.php\/produkt\/gesteppter-pouf-ferivo-auf-fuessen-weisser-boucle\/","name":"Gesteppter Pouf Ferivo auf F\u00fc\u00dfen, wei\u00dfer Boucl\u00e9 - M\u00f6bel Daniels","isPartOf":{"@id":"https:\/\/condescending-allen.85-214-6-170.plesk.page\/#website"},"primaryImageOfPage":{"@id":"https:\/\/condescending-allen.85-214-6-170.plesk.page\/index.php\/produkt\/gesteppter-pouf-ferivo-auf-fuessen-weisser-boucle\/#primaryimage"},"image":{"@id":"https:\/\/condescending-allen.85-214-6-170.plesk.page\/index.php\/produkt\/gesteppter-pouf-ferivo-auf-fuessen-weisser-boucle\/#primaryimage"},"thumbnailUrl":"https:\/\/condescending-allen.85-214-6-170.plesk.page\/wp-content\/uploads\/2026\/08\/61eea264-7d2f-49b1-fad1-08deda91198d.jpeg","datePublished":"2026-08-27T13:28:40+00:00","dateModified":"2026-08-27T13:30:08+00:00","breadcrumb":{"@id":"https:\/\/condescending-allen.85-214-6-170.plesk.page\/index.php\/produkt\/gesteppter-pouf-ferivo-auf-fuessen-weisser-boucle\/#breadcrumb"},"inLanguage":"de","potentialAction":[{"@type":"ReadAction","target":["https:\/\/condescending-allen.85-214-6-170.plesk.page\/index.php\/produkt\/gesteppter-pouf-ferivo-auf-fuessen-weisser-boucle\/"]}]},{"@type":"ImageObject","inLanguage":"de","@id":"https:\/\/condescending-allen.85-214-6-170.plesk.page\/index.php\/produkt\/gesteppter-pouf-ferivo-auf-fuessen-weisser-boucle\/#primaryimage","url":"https:\/\/condescending-allen.85-214-6-170.plesk.page\/wp-content\/uploads\/2026\/08\/61eea264-7d2f-49b1-fad1-08deda91198d.jpeg","contentUrl":"https:\/\/condescending-allen.85-214-6-170.plesk.page\/wp-content\/uploads\/2026\/08\/61eea264-7d2f-49b1-fad1-08deda91198d.jpeg","width":2000,"height":1535},{"@type":"BreadcrumbList","@id":"https:\/\/condescending-allen.85-214-6-170.plesk.page\/index.php\/produkt\/gesteppter-pouf-ferivo-auf-fuessen-weisser-boucle\/#breadcrumb","itemListElement":[{"@type":"ListItem","position":1,"name":"Start","item":"https:\/\/condescending-allen.85-214-6-170.plesk.page\/"},{"@type":"ListItem","position":2,"name":"Shop","item":"https:\/\/condescending-allen.85-214-6-170.plesk.page\/index.php\/shop\/"},{"@type":"ListItem","position":3,"name":"Gesteppter Pouf Ferivo auf F\u00fc\u00dfen, wei\u00dfer Boucl\u00e9"}]},{"@type":"WebSite","@id":"https:\/\/condescending-allen.85-214-6-170.plesk.page\/#website","url":"https:\/\/condescending-allen.85-214-6-170.plesk.page\/","name":"M\u00f6bel Daniels","description":"","publisher":{"@id":"https:\/\/condescending-allen.85-214-6-170.plesk.page\/#organization"},"potentialAction":[{"@type":"SearchAction","target":{"@type":"EntryPoint","urlTemplate":"https:\/\/condescending-allen.85-214-6-170.plesk.page\/?s={search_term_string}"},"query-input":{"@type":"PropertyValueSpecification","valueRequired":true,"valueName":"search_term_string"}}],"inLanguage":"de"},{"@type":"Organization","@id":"https:\/\/condescending-allen.85-214-6-170.plesk.page\/#organization","name":"M\u00f6bel Daniels","url":"https:\/\/condescending-allen.85-214-6-170.plesk.page\/","logo":{"@type":"ImageObject","inLanguage":"de","@id":"https:\/\/condescending-allen.85-214-6-170.plesk.page\/#\/schema\/logo\/image\/","url":"https:\/\/condescending-allen.85-214-6-170.plesk.page\/wp-content\/uploads\/2026\/01\/Logo-v1-anthrazit-Wasserzeichen-kleiner.png","contentUrl":"https:\/\/condescending-allen.85-214-6-170.plesk.page\/wp-content\/uploads\/2026\/01\/Logo-v1-anthrazit-Wasserzeichen-kleiner.png","width":300,"height":125,"caption":"M\u00f6bel Daniels"},"image":{"@id":"https:\/\/condescending-allen.85-214-6-170.plesk.page\/#\/schema\/logo\/image\/"}}]}},"_links":{"self":[{"href":"https:\/\/condescending-allen.85-214-6-170.plesk.page\/index.php\/wp-json\/wp\/v2\/product\/34014","targetHints":{"allow":["GET"]}}],"collection":[{"href":"https:\/\/condescending-allen.85-214-6-170.plesk.page\/index.php\/wp-json\/wp\/v2\/product"}],"about":[{"href":"https:\/\/condescending-allen.85-214-6-170.plesk.page\/index.php\/wp-json\/wp\/v2\/types\/product"}],"replies":[{"embeddable":true,"href":"https:\/\/condescending-allen.85-214-6-170.plesk.page\/index.php\/wp-json\/wp\/v2\/comments?post=34014"}],"version-history":[{"count":1,"href":"https:\/\/condescending-allen.85-214-6-170.plesk.page\/index.php\/wp-json\/wp\/v2\/product\/34014\/revisions"}],"predecessor-version":[{"id":34309,"href":"https:\/\/condescending-allen.85-214-6-170.plesk.page\/index.php\/wp-json\/wp\/v2\/product\/34014\/revisions\/34309"}],"wp:featuredmedia":[{"embeddable":true,"href":"https:\/\/condescending-allen.85-214-6-170.plesk.page\/index.php\/wp-json\/wp\/v2\/media\/34016"}],"wp:attachment":[{"href":"https:\/\/condescending-allen.85-214-6-170.plesk.page\/index.php\/wp-json\/wp\/v2\/media?parent=34014"}],"wp:term":[{"taxonomy":"product_brand","embeddable":true,"href":"https:\/\/condescending-allen.85-214-6-170.plesk.page\/index.php\/wp-json\/wp\/v2\/product_brand?post=34014"},{"taxonomy":"product_cat","embeddable":true,"href":"https:\/\/condescending-allen.85-214-6-170.plesk.page\/index.php\/wp-json\/wp\/v2\/product_cat?post=34014"},{"taxonomy":"product_tag","embeddable":true,"href":"https:\/\/condescending-allen.85-214-6-170.plesk.page\/index.php\/wp-json\/wp\/v2\/product_tag?post=34014"}],"curies":[{"name":"wp","href":"https:\/\/api.w.org\/{rel}","templated":true}]}}